{"id":2634,"date":"2024-02-06T18:37:54","date_gmt":"2024-02-06T17:37:54","guid":{"rendered":"https:\/\/annapic.fr\/?page_id=2634"},"modified":"2026-01-27T11:34:38","modified_gmt":"2026-01-27T10:34:38","slug":"a-l-assemblee","status":"publish","type":"page","link":"https:\/\/annapic.fr\/index.php\/a-l-assemblee\/","title":{"rendered":"\u00c0 l&rsquo;Assembl\u00e9e"},"content":{"rendered":"<div class=\"fusion-fullwidth fullwidth-box fusion-builder-row-1 fusion-flex-container has-pattern-background has-mask-background nonhundred-percent-fullwidth non-hundred-percent-height-scrolling\" style=\"--awb-border-radius-top-left:0px;--awb-border-radius-top-right:0px;--awb-border-radius-bottom-right:0px;--awb-border-radius-bottom-left:0px;--awb-flex-wrap:wrap;\" ><div class=\"fusion-builder-row fusion-row fusion-flex-align-items-flex-start fusion-flex-content-wrap\" style=\"max-width:1248px;margin-left: calc(-4% \/ 2 );margin-right: calc(-4% \/ 2 );\"><div class=\"fusion-layout-column fusion_builder_column fusion-builder-column-0 fusion_builder_column_1_1 1_1 fusion-flex-column\" style=\"--awb-bg-size:cover;--awb-width-large:100%;--awb-margin-top-large:0px;--awb-spacing-right-large:1.92%;--awb-margin-bottom-large:20px;--awb-spacing-left-large:1.92%;--awb-width-medium:100%;--awb-order-medium:0;--awb-spacing-right-medium:1.92%;--awb-spacing-left-medium:1.92%;--awb-width-small:100%;--awb-order-small:0;--awb-spacing-right-small:1.92%;--awb-spacing-left-small:1.92%;\"><div class=\"fusion-column-wrapper fusion-column-has-shadow fusion-flex-justify-content-flex-start fusion-content-layout-column\"><div class=\"fusion-post-cards fusion-post-cards-1 fusion-grid-archive fusion-grid-columns-2\" style=\"--awb-dots-align:center;--awb-columns:2;--awb-active-filter-border-size:3px;--awb-filters-height:36px;\"><ul class=\"fusion-grid fusion-grid-2 fusion-flex-align-items-flex-start fusion-grid-posts-cards\"><li class=\"fusion-layout-column fusion_builder_column fusion-builder-column-1 fusion-flex-column post-card fusion-grid-column fusion-post-cards-grid-column\" style=\"--awb-bg-blend:overlay;--awb-bg-size:cover;\"><div class=\"fusion-column-wrapper fusion-flex-justify-content-flex-start fusion-content-layout-column\"><div class=\"fusion-classic-product-image-wrapper fusion-woo-product-image fusion-post-card-image fusion-post-card-image-1 has-aspect-ratio\" data-layout=\"static\" style=\"--awb-margin-bottom:30px;--awb-border-radius-top-left:6px;--awb-border-radius-top-right:6px;--awb-border-radius-bottom-right:6px;--awb-border-radius-bottom-left:6px;--awb-aspect-ratio:1.4084507042254;\"><div  class=\"fusion-image-wrapper\" aria-haspopup=\"true\">\n\t\t\t\t\t\t\t<a href=\"https:\/\/annapic.fr\/index.php\/2026\/04\/21\/avenir-et-acces-a-la-gynecologie-medicale-dans-nos-territoires\/\" aria-label=\"Avenir et acc\u00e8s \u00e0 la gyn\u00e9cologie m\u00e9dicale dans nos territoires\">\n\t\t\t\t\t\t\t<img decoding=\"async\" width=\"756\" height=\"508\" src=\"https:\/\/annapic.fr\/wp-content\/uploads\/2026\/04\/Capture-decran-2026-04-21-a-15.54.26.png\" class=\"attachment-full size-full lazyload wp-post-image\" alt=\"\" srcset=\"data:image\/svg+xml,%3Csvg%20xmlns%3D%27http%3A%2F%2Fwww.w3.org%2F2000%2Fsvg%27%20width%3D%27756%27%20height%3D%27508%27%20viewBox%3D%270%200%20756%20508%27%3E%3Crect%20width%3D%27756%27%20height%3D%27508%27%20fill-opacity%3D%220%22%2F%3E%3C%2Fsvg%3E\" data-orig-src=\"https:\/\/annapic.fr\/wp-content\/uploads\/2026\/04\/Capture-decran-2026-04-21-a-15.54.26.png\" data-srcset=\"https:\/\/annapic.fr\/wp-content\/uploads\/2026\/04\/Capture-decran-2026-04-21-a-15.54.26-200x134.png 200w, https:\/\/annapic.fr\/wp-content\/uploads\/2026\/04\/Capture-decran-2026-04-21-a-15.54.26-400x269.png 400w, https:\/\/annapic.fr\/wp-content\/uploads\/2026\/04\/Capture-decran-2026-04-21-a-15.54.26-600x403.png 600w, https:\/\/annapic.fr\/wp-content\/uploads\/2026\/04\/Capture-decran-2026-04-21-a-15.54.26.png 756w\" data-sizes=\"auto\" \/>\t\t\t<\/a>\n\t\t\t\t\t\t\t<\/div>\n<\/div><div class=\"fusion-text fusion-text-1 fusion-text-no-margin\" style=\"--awb-font-size:var(--awb-typography3-font-size);--awb-line-height:var(--awb-typography3-line-height);--awb-letter-spacing:var(--awb-typography3-letter-spacing);--awb-text-transform:var(--awb-typography3-text-transform);--awb-text-color:hsla(var(--awb-color3-h),calc(var(--awb-color3-s) - 10%),calc(var(--awb-color3-l) - 29%),var(--awb-color3-a));--awb-text-font-family:var(--awb-typography3-font-family);--awb-text-font-weight:var(--awb-typography3-font-weight);--awb-text-font-style:var(--awb-typography3-font-style);\"><p>Courrier<\/p>\n<\/div><div class=\"fusion-title title fusion-title-1 fusion-sep-none fusion-title-text fusion-title-size-three\" style=\"--awb-margin-top:20px;--awb-margin-bottom:32px;--awb-margin-bottom-small:50px;--awb-link-hover-color:hsla(var(--awb-color5-h),var(--awb-color5-s),calc(var(--awb-color5-l) - 8%),var(--awb-color5-a));--awb-font-size:26px;\"><h3 class=\"fusion-title-heading title-heading-left fusion-responsive-typography-calculated\" style=\"margin:0;font-size:1em;text-transform:none;--fontSize:26;--minFontSize:26;line-height:var(--awb-typography1-line-height);\"><a href=\"https:\/\/annapic.fr\/index.php\/2026\/04\/21\/avenir-et-acces-a-la-gynecologie-medicale-dans-nos-territoires\/\" class=\"awb-custom-text-color awb-custom-text-hover-color\" target=\"_self\">Avenir et acc\u00e8s \u00e0 la gyn\u00e9cologie m\u00e9dicale dans nos territoires<\/a><\/h3><\/div><div ><a class=\"fusion-button button-flat fusion-button-default-size button-custom fusion-button-default button-1 fusion-button-default-span \" style=\"--button_accent_color:var(--awb-color5);--button_border_color:var(--awb-color5);--button_accent_hover_color:var(--awb-color4);--button_border_hover_color:var(--awb-color5);--button-border-radius-top-left:0px;--button-border-radius-top-right:0px;--button-border-radius-bottom-right:0px;--button-border-radius-bottom-left:0px;--button_gradient_top_color:hsla(var(--awb-color1-h),var(--awb-color1-s),var(--awb-color1-l),calc(var(--awb-color1-a) - 100%));--button_gradient_bottom_color:hsla(var(--awb-color1-h),var(--awb-color1-s),var(--awb-color1-l),calc(var(--awb-color1-a) - 100%));--button_gradient_top_color_hover:hsla(var(--awb-color1-h),var(--awb-color1-s),var(--awb-color1-l),calc(var(--awb-color1-a) - 100%));--button_gradient_bottom_color_hover:hsla(var(--awb-color1-h),var(--awb-color1-s),var(--awb-color1-l),calc(var(--awb-color1-a) - 100%));--button_text_transform:var(--awb-typography3-text-transform);--button_font_size:var(--awb-typography3-font-size);--button_line_height:var(--awb-typography3-line-height);--button_padding-top:6px;--button_padding-right:2px;--button_padding-bottom:6px;--button_padding-left:2px;--button_typography-letter-spacing:var(--awb-typography3-letter-spacing);--button_typography-font-family:var(--awb-typography3-font-family);--button_typography-font-weight:var(--awb-typography3-font-weight);--button_typography-font-style:var(--awb-typography3-font-style);\" target=\"_self\" href=\"https:\/\/annapic.fr\/index.php\/2026\/04\/21\/avenir-et-acces-a-la-gynecologie-medicale-dans-nos-territoires\/\"><span class=\"fusion-button-text\">Lire la suite<\/span><\/a><\/div><\/div><\/li>\n<li class=\"fusion-layout-column fusion_builder_column fusion-builder-column-2 fusion-flex-column post-card fusion-grid-column fusion-post-cards-grid-column\" style=\"--awb-bg-blend:overlay;--awb-bg-size:cover;\"><div class=\"fusion-column-wrapper fusion-flex-justify-content-flex-start fusion-content-layout-column\"><div class=\"fusion-classic-product-image-wrapper fusion-woo-product-image fusion-post-card-image fusion-post-card-image-1 has-aspect-ratio\" data-layout=\"static\" style=\"--awb-margin-bottom:30px;--awb-border-radius-top-left:6px;--awb-border-radius-top-right:6px;--awb-border-radius-bottom-right:6px;--awb-border-radius-bottom-left:6px;--awb-aspect-ratio:1.4084507042254;\"><div  class=\"fusion-image-wrapper\" aria-haspopup=\"true\">\n\t\t\t\t\t\t\t<a href=\"https:\/\/annapic.fr\/index.php\/2026\/04\/14\/lettre-ouverte-au-ministre-de-lindustrie-sur-le-dynamisme-economique-et-les-services-publics\/\" aria-label=\"Lettre ouverte au ministre de l&rsquo;Industrie sur le dynamisme \u00e9conomique et les services publics\">\n\t\t\t\t\t\t\t<img decoding=\"async\" width=\"709\" height=\"504\" src=\"https:\/\/annapic.fr\/wp-content\/uploads\/2026\/04\/Capture-decran-2026-04-14-140615.jpg\" class=\"attachment-full size-full lazyload wp-post-image\" alt=\"\" srcset=\"data:image\/svg+xml,%3Csvg%20xmlns%3D%27http%3A%2F%2Fwww.w3.org%2F2000%2Fsvg%27%20width%3D%27709%27%20height%3D%27504%27%20viewBox%3D%270%200%20709%20504%27%3E%3Crect%20width%3D%27709%27%20height%3D%27504%27%20fill-opacity%3D%220%22%2F%3E%3C%2Fsvg%3E\" data-orig-src=\"https:\/\/annapic.fr\/wp-content\/uploads\/2026\/04\/Capture-decran-2026-04-14-140615.jpg\" data-srcset=\"https:\/\/annapic.fr\/wp-content\/uploads\/2026\/04\/Capture-decran-2026-04-14-140615-200x142.jpg 200w, https:\/\/annapic.fr\/wp-content\/uploads\/2026\/04\/Capture-decran-2026-04-14-140615-400x284.jpg 400w, https:\/\/annapic.fr\/wp-content\/uploads\/2026\/04\/Capture-decran-2026-04-14-140615-600x427.jpg 600w, https:\/\/annapic.fr\/wp-content\/uploads\/2026\/04\/Capture-decran-2026-04-14-140615.jpg 709w\" data-sizes=\"auto\" \/>\t\t\t<\/a>\n\t\t\t\t\t\t\t<\/div>\n<\/div><div class=\"fusion-text fusion-text-2 fusion-text-no-margin\" style=\"--awb-font-size:var(--awb-typography3-font-size);--awb-line-height:var(--awb-typography3-line-height);--awb-letter-spacing:var(--awb-typography3-letter-spacing);--awb-text-transform:var(--awb-typography3-text-transform);--awb-text-color:hsla(var(--awb-color3-h),calc(var(--awb-color3-s) - 10%),calc(var(--awb-color3-l) - 29%),var(--awb-color3-a));--awb-text-font-family:var(--awb-typography3-font-family);--awb-text-font-weight:var(--awb-typography3-font-weight);--awb-text-font-style:var(--awb-typography3-font-style);\"><p>Courrier<\/p>\n<\/div><div class=\"fusion-title title fusion-title-2 fusion-sep-none fusion-title-text fusion-title-size-three\" style=\"--awb-margin-top:20px;--awb-margin-bottom:32px;--awb-margin-bottom-small:50px;--awb-link-hover-color:hsla(var(--awb-color5-h),var(--awb-color5-s),calc(var(--awb-color5-l) - 8%),var(--awb-color5-a));--awb-font-size:26px;\"><h3 class=\"fusion-title-heading title-heading-left fusion-responsive-typography-calculated\" style=\"margin:0;font-size:1em;text-transform:none;--fontSize:26;--minFontSize:26;line-height:var(--awb-typography1-line-height);\"><a href=\"https:\/\/annapic.fr\/index.php\/2026\/04\/14\/lettre-ouverte-au-ministre-de-lindustrie-sur-le-dynamisme-economique-et-les-services-publics\/\" class=\"awb-custom-text-color awb-custom-text-hover-color\" target=\"_self\">Lettre ouverte au ministre de l&rsquo;Industrie sur le dynamisme \u00e9conomique et les services publics<\/a><\/h3><\/div><div ><a class=\"fusion-button button-flat fusion-button-default-size button-custom fusion-button-default button-2 fusion-button-default-span \" style=\"--button_accent_color:var(--awb-color5);--button_border_color:var(--awb-color5);--button_accent_hover_color:var(--awb-color4);--button_border_hover_color:var(--awb-color5);--button-border-radius-top-left:0px;--button-border-radius-top-right:0px;--button-border-radius-bottom-right:0px;--button-border-radius-bottom-left:0px;--button_gradient_top_color:hsla(var(--awb-color1-h),var(--awb-color1-s),var(--awb-color1-l),calc(var(--awb-color1-a) - 100%));--button_gradient_bottom_color:hsla(var(--awb-color1-h),var(--awb-color1-s),var(--awb-color1-l),calc(var(--awb-color1-a) - 100%));--button_gradient_top_color_hover:hsla(var(--awb-color1-h),var(--awb-color1-s),var(--awb-color1-l),calc(var(--awb-color1-a) - 100%));--button_gradient_bottom_color_hover:hsla(var(--awb-color1-h),var(--awb-color1-s),var(--awb-color1-l),calc(var(--awb-color1-a) - 100%));--button_text_transform:var(--awb-typography3-text-transform);--button_font_size:var(--awb-typography3-font-size);--button_line_height:var(--awb-typography3-line-height);--button_padding-top:6px;--button_padding-right:2px;--button_padding-bottom:6px;--button_padding-left:2px;--button_typography-letter-spacing:var(--awb-typography3-letter-spacing);--button_typography-font-family:var(--awb-typography3-font-family);--button_typography-font-weight:var(--awb-typography3-font-weight);--button_typography-font-style:var(--awb-typography3-font-style);\" target=\"_self\" href=\"https:\/\/annapic.fr\/index.php\/2026\/04\/14\/lettre-ouverte-au-ministre-de-lindustrie-sur-le-dynamisme-economique-et-les-services-publics\/\"><span class=\"fusion-button-text\">Lire la suite<\/span><\/a><\/div><\/div><\/li>\n<li class=\"fusion-layout-column fusion_builder_column fusion-builder-column-3 fusion-flex-column post-card fusion-grid-column fusion-post-cards-grid-column\" style=\"--awb-bg-blend:overlay;--awb-bg-size:cover;\"><div class=\"fusion-column-wrapper fusion-flex-justify-content-flex-start fusion-content-layout-column\"><div class=\"fusion-classic-product-image-wrapper fusion-woo-product-image fusion-post-card-image fusion-post-card-image-1 has-aspect-ratio\" data-layout=\"static\" style=\"--awb-margin-bottom:30px;--awb-border-radius-top-left:6px;--awb-border-radius-top-right:6px;--awb-border-radius-bottom-right:6px;--awb-border-radius-bottom-left:6px;--awb-aspect-ratio:1.4084507042254;\"><div  class=\"fusion-image-wrapper\" aria-haspopup=\"true\">\n\t\t\t\t\t\t\t<a href=\"https:\/\/annapic.fr\/index.php\/2026\/04\/14\/lettre-ouverte-au-ministre-de-leducation-nationale-sur-la-fermeture-de-postes-dans-la-manche\/\" aria-label=\"Lettre ouverte au ministre de l&rsquo;Education nationale sur la fermeture de postes dans la Manche\">\n\t\t\t\t\t\t\t<img decoding=\"async\" width=\"753\" height=\"512\" src=\"https:\/\/annapic.fr\/wp-content\/uploads\/2026\/04\/Capture-decran-2026-04-14-140059.jpg\" class=\"attachment-full size-full lazyload wp-post-image\" alt=\"\" srcset=\"data:image\/svg+xml,%3Csvg%20xmlns%3D%27http%3A%2F%2Fwww.w3.org%2F2000%2Fsvg%27%20width%3D%27753%27%20height%3D%27512%27%20viewBox%3D%270%200%20753%20512%27%3E%3Crect%20width%3D%27753%27%20height%3D%27512%27%20fill-opacity%3D%220%22%2F%3E%3C%2Fsvg%3E\" data-orig-src=\"https:\/\/annapic.fr\/wp-content\/uploads\/2026\/04\/Capture-decran-2026-04-14-140059.jpg\" data-srcset=\"https:\/\/annapic.fr\/wp-content\/uploads\/2026\/04\/Capture-decran-2026-04-14-140059-200x136.jpg 200w, https:\/\/annapic.fr\/wp-content\/uploads\/2026\/04\/Capture-decran-2026-04-14-140059-400x272.jpg 400w, https:\/\/annapic.fr\/wp-content\/uploads\/2026\/04\/Capture-decran-2026-04-14-140059-600x408.jpg 600w, https:\/\/annapic.fr\/wp-content\/uploads\/2026\/04\/Capture-decran-2026-04-14-140059.jpg 753w\" data-sizes=\"auto\" \/>\t\t\t<\/a>\n\t\t\t\t\t\t\t<\/div>\n<\/div><div class=\"fusion-text fusion-text-3 fusion-text-no-margin\" style=\"--awb-font-size:var(--awb-typography3-font-size);--awb-line-height:var(--awb-typography3-line-height);--awb-letter-spacing:var(--awb-typography3-letter-spacing);--awb-text-transform:var(--awb-typography3-text-transform);--awb-text-color:hsla(var(--awb-color3-h),calc(var(--awb-color3-s) - 10%),calc(var(--awb-color3-l) - 29%),var(--awb-color3-a));--awb-text-font-family:var(--awb-typography3-font-family);--awb-text-font-weight:var(--awb-typography3-font-weight);--awb-text-font-style:var(--awb-typography3-font-style);\"><p>Courrier<\/p>\n<\/div><div class=\"fusion-title title fusion-title-3 fusion-sep-none fusion-title-text fusion-title-size-three\" style=\"--awb-margin-top:20px;--awb-margin-bottom:32px;--awb-margin-bottom-small:50px;--awb-link-hover-color:hsla(var(--awb-color5-h),var(--awb-color5-s),calc(var(--awb-color5-l) - 8%),var(--awb-color5-a));--awb-font-size:26px;\"><h3 class=\"fusion-title-heading title-heading-left fusion-responsive-typography-calculated\" style=\"margin:0;font-size:1em;text-transform:none;--fontSize:26;--minFontSize:26;line-height:var(--awb-typography1-line-height);\"><a href=\"https:\/\/annapic.fr\/index.php\/2026\/04\/14\/lettre-ouverte-au-ministre-de-leducation-nationale-sur-la-fermeture-de-postes-dans-la-manche\/\" class=\"awb-custom-text-color awb-custom-text-hover-color\" target=\"_self\">Lettre ouverte au ministre de l&rsquo;Education nationale sur la fermeture de postes dans la Manche<\/a><\/h3><\/div><div ><a class=\"fusion-button button-flat fusion-button-default-size button-custom fusion-button-default button-3 fusion-button-default-span \" style=\"--button_accent_color:var(--awb-color5);--button_border_color:var(--awb-color5);--button_accent_hover_color:var(--awb-color4);--button_border_hover_color:var(--awb-color5);--button-border-radius-top-left:0px;--button-border-radius-top-right:0px;--button-border-radius-bottom-right:0px;--button-border-radius-bottom-left:0px;--button_gradient_top_color:hsla(var(--awb-color1-h),var(--awb-color1-s),var(--awb-color1-l),calc(var(--awb-color1-a) - 100%));--button_gradient_bottom_color:hsla(var(--awb-color1-h),var(--awb-color1-s),var(--awb-color1-l),calc(var(--awb-color1-a) - 100%));--button_gradient_top_color_hover:hsla(var(--awb-color1-h),var(--awb-color1-s),var(--awb-color1-l),calc(var(--awb-color1-a) - 100%));--button_gradient_bottom_color_hover:hsla(var(--awb-color1-h),var(--awb-color1-s),var(--awb-color1-l),calc(var(--awb-color1-a) - 100%));--button_text_transform:var(--awb-typography3-text-transform);--button_font_size:var(--awb-typography3-font-size);--button_line_height:var(--awb-typography3-line-height);--button_padding-top:6px;--button_padding-right:2px;--button_padding-bottom:6px;--button_padding-left:2px;--button_typography-letter-spacing:var(--awb-typography3-letter-spacing);--button_typography-font-family:var(--awb-typography3-font-family);--button_typography-font-weight:var(--awb-typography3-font-weight);--button_typography-font-style:var(--awb-typography3-font-style);\" target=\"_self\" href=\"https:\/\/annapic.fr\/index.php\/2026\/04\/14\/lettre-ouverte-au-ministre-de-leducation-nationale-sur-la-fermeture-de-postes-dans-la-manche\/\"><span class=\"fusion-button-text\">Lire la suite<\/span><\/a><\/div><\/div><\/li>\n<li class=\"fusion-layout-column fusion_builder_column fusion-builder-column-4 fusion-flex-column post-card fusion-grid-column fusion-post-cards-grid-column\" style=\"--awb-bg-blend:overlay;--awb-bg-size:cover;\"><div class=\"fusion-column-wrapper fusion-flex-justify-content-flex-start fusion-content-layout-column\"><div class=\"fusion-classic-product-image-wrapper fusion-woo-product-image fusion-post-card-image fusion-post-card-image-1 has-aspect-ratio\" data-layout=\"static\" style=\"--awb-margin-bottom:30px;--awb-border-radius-top-left:6px;--awb-border-radius-top-right:6px;--awb-border-radius-bottom-right:6px;--awb-border-radius-bottom-left:6px;--awb-aspect-ratio:1.4084507042254;\"><div  class=\"fusion-image-wrapper\" aria-haspopup=\"true\">\n\t\t\t\t\t\t\t<a href=\"https:\/\/annapic.fr\/index.php\/2026\/04\/01\/suppression-de-postes-dans-leducation-nationale\/\" aria-label=\"Suppression de postes dans l&rsquo;Education nationale\">\n\t\t\t\t\t\t\t<img decoding=\"async\" width=\"1600\" height=\"1200\" src=\"https:\/\/annapic.fr\/wp-content\/uploads\/2026\/04\/WhatsApp-Image-2026-03-30-at-08.35.18.jpeg\" class=\"attachment-full size-full lazyload wp-post-image\" alt=\"\" srcset=\"data:image\/svg+xml,%3Csvg%20xmlns%3D%27http%3A%2F%2Fwww.w3.org%2F2000%2Fsvg%27%20width%3D%271600%27%20height%3D%271200%27%20viewBox%3D%270%200%201600%201200%27%3E%3Crect%20width%3D%271600%27%20height%3D%271200%27%20fill-opacity%3D%220%22%2F%3E%3C%2Fsvg%3E\" data-orig-src=\"https:\/\/annapic.fr\/wp-content\/uploads\/2026\/04\/WhatsApp-Image-2026-03-30-at-08.35.18.jpeg\" data-srcset=\"https:\/\/annapic.fr\/wp-content\/uploads\/2026\/04\/WhatsApp-Image-2026-03-30-at-08.35.18-200x150.jpeg 200w, https:\/\/annapic.fr\/wp-content\/uploads\/2026\/04\/WhatsApp-Image-2026-03-30-at-08.35.18-400x300.jpeg 400w, https:\/\/annapic.fr\/wp-content\/uploads\/2026\/04\/WhatsApp-Image-2026-03-30-at-08.35.18-600x450.jpeg 600w, https:\/\/annapic.fr\/wp-content\/uploads\/2026\/04\/WhatsApp-Image-2026-03-30-at-08.35.18-800x600.jpeg 800w, https:\/\/annapic.fr\/wp-content\/uploads\/2026\/04\/WhatsApp-Image-2026-03-30-at-08.35.18-1200x900.jpeg 1200w, https:\/\/annapic.fr\/wp-content\/uploads\/2026\/04\/WhatsApp-Image-2026-03-30-at-08.35.18.jpeg 1600w\" data-sizes=\"auto\" \/>\t\t\t<\/a>\n\t\t\t\t\t\t\t<\/div>\n<\/div><div class=\"fusion-text fusion-text-4 fusion-text-no-margin\" style=\"--awb-font-size:var(--awb-typography3-font-size);--awb-line-height:var(--awb-typography3-line-height);--awb-letter-spacing:var(--awb-typography3-letter-spacing);--awb-text-transform:var(--awb-typography3-text-transform);--awb-text-color:hsla(var(--awb-color3-h),calc(var(--awb-color3-s) - 10%),calc(var(--awb-color3-l) - 29%),var(--awb-color3-a));--awb-text-font-family:var(--awb-typography3-font-family);--awb-text-font-weight:var(--awb-typography3-font-weight);--awb-text-font-style:var(--awb-typography3-font-style);\"><p>Question au Gouvernement<\/p>\n<\/div><div class=\"fusion-title title fusion-title-4 fusion-sep-none fusion-title-text fusion-title-size-three\" style=\"--awb-margin-top:20px;--awb-margin-bottom:32px;--awb-margin-bottom-small:50px;--awb-link-hover-color:hsla(var(--awb-color5-h),var(--awb-color5-s),calc(var(--awb-color5-l) - 8%),var(--awb-color5-a));--awb-font-size:26px;\"><h3 class=\"fusion-title-heading title-heading-left fusion-responsive-typography-calculated\" style=\"margin:0;font-size:1em;text-transform:none;--fontSize:26;--minFontSize:26;line-height:var(--awb-typography1-line-height);\"><a href=\"https:\/\/annapic.fr\/index.php\/2026\/04\/01\/suppression-de-postes-dans-leducation-nationale\/\" class=\"awb-custom-text-color awb-custom-text-hover-color\" target=\"_self\">Suppression de postes dans l&rsquo;Education nationale<\/a><\/h3><\/div><div ><a class=\"fusion-button button-flat fusion-button-default-size button-custom fusion-button-default button-4 fusion-button-default-span \" style=\"--button_accent_color:var(--awb-color5);--button_border_color:var(--awb-color5);--button_accent_hover_color:var(--awb-color4);--button_border_hover_color:var(--awb-color5);--button-border-radius-top-left:0px;--button-border-radius-top-right:0px;--button-border-radius-bottom-right:0px;--button-border-radius-bottom-left:0px;--button_gradient_top_color:hsla(var(--awb-color1-h),var(--awb-color1-s),var(--awb-color1-l),calc(var(--awb-color1-a) - 100%));--button_gradient_bottom_color:hsla(var(--awb-color1-h),var(--awb-color1-s),var(--awb-color1-l),calc(var(--awb-color1-a) - 100%));--button_gradient_top_color_hover:hsla(var(--awb-color1-h),var(--awb-color1-s),var(--awb-color1-l),calc(var(--awb-color1-a) - 100%));--button_gradient_bottom_color_hover:hsla(var(--awb-color1-h),var(--awb-color1-s),var(--awb-color1-l),calc(var(--awb-color1-a) - 100%));--button_text_transform:var(--awb-typography3-text-transform);--button_font_size:var(--awb-typography3-font-size);--button_line_height:var(--awb-typography3-line-height);--button_padding-top:6px;--button_padding-right:2px;--button_padding-bottom:6px;--button_padding-left:2px;--button_typography-letter-spacing:var(--awb-typography3-letter-spacing);--button_typography-font-family:var(--awb-typography3-font-family);--button_typography-font-weight:var(--awb-typography3-font-weight);--button_typography-font-style:var(--awb-typography3-font-style);\" target=\"_self\" href=\"https:\/\/annapic.fr\/index.php\/2026\/04\/01\/suppression-de-postes-dans-leducation-nationale\/\"><span class=\"fusion-button-text\">Lire la suite<\/span><\/a><\/div><\/div><\/li>\n<li class=\"fusion-layout-column fusion_builder_column fusion-builder-column-5 fusion-flex-column post-card fusion-grid-column fusion-post-cards-grid-column\" style=\"--awb-bg-blend:overlay;--awb-bg-size:cover;\"><div class=\"fusion-column-wrapper fusion-flex-justify-content-flex-start fusion-content-layout-column\"><div class=\"fusion-classic-product-image-wrapper fusion-woo-product-image fusion-post-card-image fusion-post-card-image-1 has-aspect-ratio\" data-layout=\"static\" style=\"--awb-margin-bottom:30px;--awb-border-radius-top-left:6px;--awb-border-radius-top-right:6px;--awb-border-radius-bottom-right:6px;--awb-border-radius-bottom-left:6px;--awb-aspect-ratio:1.4084507042254;\"><div  class=\"fusion-image-wrapper\" aria-haspopup=\"true\">\n\t\t\t\t\t\t\t<a href=\"https:\/\/annapic.fr\/index.php\/2026\/04\/01\/debat-sur-la-dissuasion-nucleaire\/\" aria-label=\"D\u00e9bat sur la dissuasion nucl\u00e9aire\">\n\t\t\t\t\t\t\t<img decoding=\"async\" width=\"596\" height=\"320\" src=\"https:\/\/annapic.fr\/wp-content\/uploads\/2026\/04\/Capture-decran-2026-04-08-112006.jpg\" class=\"attachment-full size-full lazyload wp-post-image\" alt=\"\" srcset=\"data:image\/svg+xml,%3Csvg%20xmlns%3D%27http%3A%2F%2Fwww.w3.org%2F2000%2Fsvg%27%20width%3D%27596%27%20height%3D%27320%27%20viewBox%3D%270%200%20596%20320%27%3E%3Crect%20width%3D%27596%27%20height%3D%27320%27%20fill-opacity%3D%220%22%2F%3E%3C%2Fsvg%3E\" data-orig-src=\"https:\/\/annapic.fr\/wp-content\/uploads\/2026\/04\/Capture-decran-2026-04-08-112006.jpg\" data-srcset=\"https:\/\/annapic.fr\/wp-content\/uploads\/2026\/04\/Capture-decran-2026-04-08-112006-200x107.jpg 200w, https:\/\/annapic.fr\/wp-content\/uploads\/2026\/04\/Capture-decran-2026-04-08-112006-400x215.jpg 400w, https:\/\/annapic.fr\/wp-content\/uploads\/2026\/04\/Capture-decran-2026-04-08-112006.jpg 596w\" data-sizes=\"auto\" \/>\t\t\t<\/a>\n\t\t\t\t\t\t\t<\/div>\n<\/div><div class=\"fusion-text fusion-text-5 fusion-text-no-margin\" style=\"--awb-font-size:var(--awb-typography3-font-size);--awb-line-height:var(--awb-typography3-line-height);--awb-letter-spacing:var(--awb-typography3-letter-spacing);--awb-text-transform:var(--awb-typography3-text-transform);--awb-text-color:hsla(var(--awb-color3-h),calc(var(--awb-color3-s) - 10%),calc(var(--awb-color3-l) - 29%),var(--awb-color3-a));--awb-text-font-family:var(--awb-typography3-font-family);--awb-text-font-weight:var(--awb-typography3-font-weight);--awb-text-font-style:var(--awb-typography3-font-style);\"><p>Commission<\/p>\n<\/div><div class=\"fusion-title title fusion-title-5 fusion-sep-none fusion-title-text fusion-title-size-three\" style=\"--awb-margin-top:20px;--awb-margin-bottom:32px;--awb-margin-bottom-small:50px;--awb-link-hover-color:hsla(var(--awb-color5-h),var(--awb-color5-s),calc(var(--awb-color5-l) - 8%),var(--awb-color5-a));--awb-font-size:26px;\"><h3 class=\"fusion-title-heading title-heading-left fusion-responsive-typography-calculated\" style=\"margin:0;font-size:1em;text-transform:none;--fontSize:26;--minFontSize:26;line-height:var(--awb-typography1-line-height);\"><a href=\"https:\/\/annapic.fr\/index.php\/2026\/04\/01\/debat-sur-la-dissuasion-nucleaire\/\" class=\"awb-custom-text-color awb-custom-text-hover-color\" target=\"_self\">D\u00e9bat sur la dissuasion nucl\u00e9aire<\/a><\/h3><\/div><div ><a class=\"fusion-button button-flat fusion-button-default-size button-custom fusion-button-default button-5 fusion-button-default-span \" style=\"--button_accent_color:var(--awb-color5);--button_border_color:var(--awb-color5);--button_accent_hover_color:var(--awb-color4);--button_border_hover_color:var(--awb-color5);--button-border-radius-top-left:0px;--button-border-radius-top-right:0px;--button-border-radius-bottom-right:0px;--button-border-radius-bottom-left:0px;--button_gradient_top_color:hsla(var(--awb-color1-h),var(--awb-color1-s),var(--awb-color1-l),calc(var(--awb-color1-a) - 100%));--button_gradient_bottom_color:hsla(var(--awb-color1-h),var(--awb-color1-s),var(--awb-color1-l),calc(var(--awb-color1-a) - 100%));--button_gradient_top_color_hover:hsla(var(--awb-color1-h),var(--awb-color1-s),var(--awb-color1-l),calc(var(--awb-color1-a) - 100%));--button_gradient_bottom_color_hover:hsla(var(--awb-color1-h),var(--awb-color1-s),var(--awb-color1-l),calc(var(--awb-color1-a) - 100%));--button_text_transform:var(--awb-typography3-text-transform);--button_font_size:var(--awb-typography3-font-size);--button_line_height:var(--awb-typography3-line-height);--button_padding-top:6px;--button_padding-right:2px;--button_padding-bottom:6px;--button_padding-left:2px;--button_typography-letter-spacing:var(--awb-typography3-letter-spacing);--button_typography-font-family:var(--awb-typography3-font-family);--button_typography-font-weight:var(--awb-typography3-font-weight);--button_typography-font-style:var(--awb-typography3-font-style);\" target=\"_self\" href=\"https:\/\/annapic.fr\/index.php\/2026\/04\/01\/debat-sur-la-dissuasion-nucleaire\/\"><span class=\"fusion-button-text\">Lire la suite<\/span><\/a><\/div><\/div><\/li>\n<li class=\"fusion-layout-column fusion_builder_column fusion-builder-column-6 fusion-flex-column post-card fusion-grid-column fusion-post-cards-grid-column\" style=\"--awb-bg-blend:overlay;--awb-bg-size:cover;\"><div class=\"fusion-column-wrapper fusion-flex-justify-content-flex-start fusion-content-layout-column\"><div class=\"fusion-classic-product-image-wrapper fusion-woo-product-image fusion-post-card-image fusion-post-card-image-1 has-aspect-ratio\" data-layout=\"static\" style=\"--awb-margin-bottom:30px;--awb-border-radius-top-left:6px;--awb-border-radius-top-right:6px;--awb-border-radius-bottom-right:6px;--awb-border-radius-bottom-left:6px;--awb-aspect-ratio:1.4084507042254;\"><div  class=\"fusion-image-wrapper\" aria-haspopup=\"true\">\n\t\t\t\t\t\t\t<a href=\"https:\/\/annapic.fr\/index.php\/2026\/03\/27\/debat-50-1-sur-la-situation-au-proche-et-moyen-orient\/\" aria-label=\"D\u00e9bat 50-1 sur la situation au Proche et Moyen-Orient\">\n\t\t\t\t\t\t\t<img decoding=\"async\" width=\"640\" height=\"427\" src=\"https:\/\/annapic.fr\/wp-content\/uploads\/2024\/02\/279791.jpg\" class=\"attachment-full size-full lazyload wp-post-image\" alt=\"\" srcset=\"data:image\/svg+xml,%3Csvg%20xmlns%3D%27http%3A%2F%2Fwww.w3.org%2F2000%2Fsvg%27%20width%3D%27640%27%20height%3D%27427%27%20viewBox%3D%270%200%20640%20427%27%3E%3Crect%20width%3D%27640%27%20height%3D%27427%27%20fill-opacity%3D%220%22%2F%3E%3C%2Fsvg%3E\" data-orig-src=\"https:\/\/annapic.fr\/wp-content\/uploads\/2024\/02\/279791.jpg\" data-srcset=\"https:\/\/annapic.fr\/wp-content\/uploads\/2024\/02\/279791-200x133.jpg 200w, https:\/\/annapic.fr\/wp-content\/uploads\/2024\/02\/279791-400x267.jpg 400w, https:\/\/annapic.fr\/wp-content\/uploads\/2024\/02\/279791-600x400.jpg 600w, https:\/\/annapic.fr\/wp-content\/uploads\/2024\/02\/279791.jpg 640w\" data-sizes=\"auto\" \/>\t\t\t<\/a>\n\t\t\t\t\t\t\t<\/div>\n<\/div><div class=\"fusion-text fusion-text-6 fusion-text-no-margin\" style=\"--awb-font-size:var(--awb-typography3-font-size);--awb-line-height:var(--awb-typography3-line-height);--awb-letter-spacing:var(--awb-typography3-letter-spacing);--awb-text-transform:var(--awb-typography3-text-transform);--awb-text-color:hsla(var(--awb-color3-h),calc(var(--awb-color3-s) - 10%),calc(var(--awb-color3-l) - 29%),var(--awb-color3-a));--awb-text-font-family:var(--awb-typography3-font-family);--awb-text-font-weight:var(--awb-typography3-font-weight);--awb-text-font-style:var(--awb-typography3-font-style);\"><p>D\u00e9bat 50-1<\/p>\n<\/div><div class=\"fusion-title title fusion-title-6 fusion-sep-none fusion-title-text fusion-title-size-three\" style=\"--awb-margin-top:20px;--awb-margin-bottom:32px;--awb-margin-bottom-small:50px;--awb-link-hover-color:hsla(var(--awb-color5-h),var(--awb-color5-s),calc(var(--awb-color5-l) - 8%),var(--awb-color5-a));--awb-font-size:26px;\"><h3 class=\"fusion-title-heading title-heading-left fusion-responsive-typography-calculated\" style=\"margin:0;font-size:1em;text-transform:none;--fontSize:26;--minFontSize:26;line-height:var(--awb-typography1-line-height);\"><a href=\"https:\/\/annapic.fr\/index.php\/2026\/03\/27\/debat-50-1-sur-la-situation-au-proche-et-moyen-orient\/\" class=\"awb-custom-text-color awb-custom-text-hover-color\" target=\"_self\">D\u00e9bat 50-1 sur la situation au Proche et Moyen-Orient<\/a><\/h3><\/div><div ><a class=\"fusion-button button-flat fusion-button-default-size button-custom fusion-button-default button-6 fusion-button-default-span \" style=\"--button_accent_color:var(--awb-color5);--button_border_color:var(--awb-color5);--button_accent_hover_color:var(--awb-color4);--button_border_hover_color:var(--awb-color5);--button-border-radius-top-left:0px;--button-border-radius-top-right:0px;--button-border-radius-bottom-right:0px;--button-border-radius-bottom-left:0px;--button_gradient_top_color:hsla(var(--awb-color1-h),var(--awb-color1-s),var(--awb-color1-l),calc(var(--awb-color1-a) - 100%));--button_gradient_bottom_color:hsla(var(--awb-color1-h),var(--awb-color1-s),var(--awb-color1-l),calc(var(--awb-color1-a) - 100%));--button_gradient_top_color_hover:hsla(var(--awb-color1-h),var(--awb-color1-s),var(--awb-color1-l),calc(var(--awb-color1-a) - 100%));--button_gradient_bottom_color_hover:hsla(var(--awb-color1-h),var(--awb-color1-s),var(--awb-color1-l),calc(var(--awb-color1-a) - 100%));--button_text_transform:var(--awb-typography3-text-transform);--button_font_size:var(--awb-typography3-font-size);--button_line_height:var(--awb-typography3-line-height);--button_padding-top:6px;--button_padding-right:2px;--button_padding-bottom:6px;--button_padding-left:2px;--button_typography-letter-spacing:var(--awb-typography3-letter-spacing);--button_typography-font-family:var(--awb-typography3-font-family);--button_typography-font-weight:var(--awb-typography3-font-weight);--button_typography-font-style:var(--awb-typography3-font-style);\" target=\"_self\" href=\"https:\/\/annapic.fr\/index.php\/2026\/03\/27\/debat-50-1-sur-la-situation-au-proche-et-moyen-orient\/\"><span class=\"fusion-button-text\">Lire la suite<\/span><\/a><\/div><\/div><\/li>\n<\/ul><div class=\"pagination clearfix\"><span class=\"current\">1<\/span><a href=\"https:\/\/annapic.fr\/index.php\/wp-json\/wp\/v2\/pages\/2634\/page\/2\/\" class=\"inactive\">2<\/a><a class=\"pagination-next\" rel=\"next\" href=\"https:\/\/annapic.fr\/index.php\/wp-json\/wp\/v2\/pages\/2634\/page\/2\/\"><span class=\"page-text\">Suivant<\/span><span class=\"page-next\"><\/span><\/a><\/div><div class=\"fusion-clearfix\"><\/div><\/div><\/div><\/div><\/div><\/div>\n","protected":false},"excerpt":{"rendered":"","protected":false},"author":3,"featured_media":0,"parent":0,"menu_order":0,"comment_status":"closed","ping_status":"closed","template":"100-width.php","meta":{"footnotes":""},"class_list":["post-2634","page","type-page","status-publish","hentry"],"_links":{"self":[{"href":"https:\/\/annapic.fr\/index.php\/wp-json\/wp\/v2\/pages\/2634","targetHints":{"allow":["GET"]}}],"collection":[{"href":"https:\/\/annapic.fr\/index.php\/wp-json\/wp\/v2\/pages"}],"about":[{"href":"https:\/\/annapic.fr\/index.php\/wp-json\/wp\/v2\/types\/page"}],"author":[{"embeddable":true,"href":"https:\/\/annapic.fr\/index.php\/wp-json\/wp\/v2\/users\/3"}],"replies":[{"embeddable":true,"href":"https:\/\/annapic.fr\/index.php\/wp-json\/wp\/v2\/comments?post=2634"}],"version-history":[{"count":17,"href":"https:\/\/annapic.fr\/index.php\/wp-json\/wp\/v2\/pages\/2634\/revisions"}],"predecessor-version":[{"id":3644,"href":"https:\/\/annapic.fr\/index.php\/wp-json\/wp\/v2\/pages\/2634\/revisions\/3644"}],"wp:attachment":[{"href":"https:\/\/annapic.fr\/index.php\/wp-json\/wp\/v2\/media?parent=2634"}],"curies":[{"name":"wp","href":"https:\/\/api.w.org\/{rel}","templated":true}]}}